{"id":871,"date":"2021-10-15T17:21:05","date_gmt":"2021-10-15T15:21:05","guid":{"rendered":"https:\/\/ilovevirton.be\/?page_id=871"},"modified":"2021-10-15T17:21:05","modified_gmt":"2021-10-15T15:21:05","slug":"le-pressoir-de-munaut","status":"publish","type":"page","link":"https:\/\/ilovevirton.be\/nl\/le-pressoir-de-munaut\/","title":{"rendered":"Le pressoir de Munaut"},"content":{"rendered":"<section id=\"bt_bb_section69f1929e4c1d0\" class=\"bt_bb_section bt_bb_layout_boxed_1200 bt_bb_vertical_align_top bt_bb_top_spacing_extra_large bt_bb_bottom_spacing_normal\"  data-bt-override-class=\"null\"><div class=\"bt_bb_port\"><div class=\"bt_bb_cell\"><div class=\"bt_bb_cell_inner\"><div class=\"bt_bb_row\"  data-bt-override-class=\"{}\"><div class=\"bt_bb_row_holder\" ><div  class=\"bt_bb_column col-xxl-12 col-xl-12 col-xs-12 col-sm-12 col-md-12 col-lg-12 bt_bb_vertical_align_top bt_bb_align_left bt_bb_padding_normal\" style=\"; --column-width:12;\" data-width=\"12\" data-bt-override-class=\"{&quot;bt_bb_align_&quot;:{&quot;current_class&quot;:&quot;bt_bb_align_left&quot;,&quot;def&quot;:&quot;left&quot;,&quot;xl&quot;:&quot;left&quot;}}\"><div class=\"bt_bb_column_content\"><div class=\"bt_bb_column_content_inner\"><div class=\"bt_bb_separator bt_bb_border_style_none bt_bb_top_spacing_medium bt_bb_bottom_spacing_normal\" data-bt-override-class=\"null\"><\/div><header class=\"bt_bb_headline bt_bb_dash_none bt_bb_size_inherit bt_bb_align_left\" data-bt-override-class=\"{&quot;bt_bb_size_&quot;:{&quot;current_class&quot;:&quot;bt_bb_size_inherit&quot;,&quot;def&quot;:&quot;inherit&quot;,&quot;xl&quot;:&quot;inherit&quot;},&quot;bt_bb_align_&quot;:{&quot;current_class&quot;:&quot;bt_bb_align_left&quot;,&quot;def&quot;:&quot;left&quot;,&quot;xl&quot;:&quot;left&quot;}}\"><h4 class=\"bt_bb_headline_tag\"><span class=\"bt_bb_headline_content\"><span>Le pressoir de Munaut<br \/><br \/>\n<\/span><\/span><\/h4><\/header><\/div><\/div><\/div><\/div><\/div><div class=\"bt_bb_row\"  data-bt-override-class=\"{}\"><div class=\"bt_bb_row_holder\" ><div  class=\"bt_bb_column col-xxl-6 col-xl-6 col-xs-12 col-sm-6 col-md-6 col-lg-6 bt_bb_vertical_align_top bt_bb_align_left bt_bb_padding_normal\" style=\"; --column-width:6;\" data-width=\"6\" data-bt-override-class=\"{&quot;bt_bb_align_&quot;:{&quot;current_class&quot;:&quot;bt_bb_align_left&quot;,&quot;def&quot;:&quot;left&quot;,&quot;xl&quot;:&quot;left&quot;}}\"><div class=\"bt_bb_column_content\"><div class=\"bt_bb_column_content_inner\"><div class=\"bt_bb_separator bt_bb_border_style_none bt_bb_bottom_spacing_normal\" data-bt-override-class=\"null\"><\/div><div class=\"bt_bb_image bt_bb_shape_square bt_bb_target_self bt_bb_align_inherit bt_bb_hover_style_simple bt_bb_content_display_always bt_bb_content_align_middle\" data-bt-override-class=\"{&quot;bt_bb_align_&quot;:{&quot;current_class&quot;:&quot;bt_bb_align_inherit&quot;,&quot;def&quot;:&quot;inherit&quot;,&quot;xl&quot;:&quot;inherit&quot;}}\"><span><img fetchpriority=\"high\" decoding=\"async\" width=\"902\" height=\"600\" src=\"https:\/\/ilovevirton.be\/wp-content\/uploads\/2021\/10\/Pressoir-Munaut.jpg\" class=\"attachment-full size-full\" alt=\"Mus\u00e9e gaumais\" data-full_image_src=\"https:\/\/ilovevirton.be\/wp-content\/uploads\/2021\/10\/Pressoir-Munaut.jpg\" title=\"Mus\u00e9e gaumais\" loading=\"eager\" srcset=\"https:\/\/ilovevirton.be\/wp-content\/uploads\/2021\/10\/Pressoir-Munaut.jpg 902w, https:\/\/ilovevirton.be\/wp-content\/uploads\/2021\/10\/Pressoir-Munaut-640x426.jpg 640w, https:\/\/ilovevirton.be\/wp-content\/uploads\/2021\/10\/Pressoir-Munaut-768x511.jpg 768w, https:\/\/ilovevirton.be\/wp-content\/uploads\/2021\/10\/Pressoir-Munaut-800x533.jpg 800w, https:\/\/ilovevirton.be\/wp-content\/uploads\/2021\/10\/Pressoir-Munaut-320x213.jpg 320w\" sizes=\"(max-width: 902px) 100vw, 902px\" \/><\/span><\/div><div class=\"bt_bb_separator bt_bb_border_style_none bt_bb_bottom_spacing_normal\" data-bt-override-class=\"null\"><\/div><\/div><\/div><\/div><div  class=\"bt_bb_column col-xxl-6 col-xl-6 col-xs-12 col-sm-6 col-md-6 col-lg-6 bt_bb_vertical_align_top bt_bb_align_left bt_bb_padding_normal\" style=\"; --column-width:6;\" data-width=\"6\" data-bt-override-class=\"{}\"><div class=\"bt_bb_column_content\"><div class=\"bt_bb_column_content_inner\"><div class=\"bt_bb_separator bt_bb_border_style_none bt_bb_top_spacing_small\" data-bt-override-class=\"null\"><\/div><header class=\"bt_bb_headline bt_bb_dash_none bt_bb_subheadline bt_bb_size_inherit bt_bb_align_inherit\" data-bt-override-class=\"{&quot;bt_bb_size_&quot;:{&quot;current_class&quot;:&quot;bt_bb_size_inherit&quot;,&quot;def&quot;:&quot;inherit&quot;,&quot;xl&quot;:&quot;inherit&quot;},&quot;bt_bb_align_&quot;:{&quot;current_class&quot;:&quot;bt_bb_align_inherit&quot;,&quot;def&quot;:&quot;inherit&quot;,&quot;xl&quot;:&quot;inherit&quot;}}\"><div class=\"bt_bb_headline_subheadline\">La force et le caract\u00e8re d'un jus de fruit sont d\u00e9termin\u00e9s par la qualit\u00e9 des vari\u00e9t\u00e9s utilis\u00e9es.<br \/><br \/>\nLes arbres ne sont pas trait\u00e9s et le pressoir Munaut n'utilise aucun pesticide ce qui garantit un produit d'excellente qualit\u00e9.<br \/><br \/>\nUn pur jus de pomme c'est un jus simplement filtr\u00e9, \u00e9pur\u00e9 de toute substance en suspension, sans ajout de sucre, ni additif de conservation. Les producteurs souhaitent que son \u00e9tat, sa couleur dor\u00e9e et surtout son go\u00fbt vous offrent un voyage nature des plus agr\u00e9ables.<\/div><\/header><div class=\"bt_bb_separator bt_bb_border_style_none bt_bb_bottom_spacing_normal\" data-bt-override-class=\"null\"><\/div><header class=\"bt_bb_headline bt_bb_dash_none bt_bb_subheadline bt_bb_size_inherit bt_bb_align_inherit\" data-bt-override-class=\"{&quot;bt_bb_size_&quot;:{&quot;current_class&quot;:&quot;bt_bb_size_inherit&quot;,&quot;def&quot;:&quot;inherit&quot;,&quot;xl&quot;:&quot;inherit&quot;},&quot;bt_bb_align_&quot;:{&quot;current_class&quot;:&quot;bt_bb_align_inherit&quot;,&quot;def&quot;:&quot;inherit&quot;,&quot;xl&quot;:&quot;inherit&quot;}}\"><h6 class=\"bt_bb_headline_tag\"><span class=\"bt_bb_headline_content\"><span>Informations<\/span><\/span><\/h6><div class=\"bt_bb_headline_subheadline\">Rue de Pierrard, 24<br \/><br \/>\n6760 Virton<br \/><br \/>\n<\/div><\/header><div class=\"bt_bb_separator bt_bb_border_style_none bt_bb_bottom_spacing_extra_small\" data-bt-override-class=\"null\"><\/div><div class=\"bt_bb_icon bt_bb_style_borderless bt_bb_size_small bt_bb_shape_circle bt_bb_align_inherit\" data-bt-override-class=\"null\"><span  data-ico-fontawesome=\"&#xf095;\" class=\"bt_bb_icon_holder\"><span>063 57 19 07<\/span><\/span><\/div><div class=\"bt_bb_separator bt_bb_border_style_none bt_bb_bottom_spacing_extra_small\" data-bt-override-class=\"null\"><\/div><div class=\"bt_bb_icon bt_bb_color_scheme_5 bt_bb_style_borderless bt_bb_size_small bt_bb_shape_circle bt_bb_align_inherit\" style=\"; --icon-primary-color:#181818; --icon-secondary-color:#ffda49;\" data-bt-override-class=\"null\"><a href=\"https:\/\/munaut.be\/\"  target=\"_self\" data-ico-essential=\"&#xe99f;\" class=\"bt_bb_icon_holder\"><span>www.munaut.be<\/span><\/a><\/div><div class=\"bt_bb_separator bt_bb_border_style_none bt_bb_top_spacing_large bt_bb_bottom_spacing_large\" data-bt-override-class=\"null\"><\/div><\/div><\/div><\/div><\/div><\/div><\/div><!-- cell_inner --><\/div><!-- cell --><\/div><!-- port --><\/section>","protected":false},"excerpt":{"rendered":"","protected":false},"author":1,"featured_media":0,"parent":0,"menu_order":0,"comment_status":"closed","ping_status":"closed","template":"","meta":{"footnotes":""},"class_list":["post-871","page","type-page","status-publish","hentry"],"yoast_head":"<!-- This site is optimized with the Yoast SEO plugin v20.7 - https:\/\/yoast.com\/wordpress\/plugins\/seo\/ -->\n<title>Le pressoir de Munaut - Syndicat d&#039;initiative de Virton<\/title>\n<meta name=\"robots\" content=\"index, follow, max-snippet:-1, max-image-preview:large, max-video-preview:-1\" \/>\n<link rel=\"canonical\" href=\"https:\/\/ilovevirton.be\/nl\/le-pressoir-de-munaut\/\" \/>\n<meta property=\"og:locale\" content=\"nl_NL\" \/>\n<meta property=\"og:type\" content=\"article\" \/>\n<meta property=\"og:title\" content=\"Le pressoir de Munaut - Syndicat d&#039;initiative de Virton\" \/>\n<meta property=\"og:url\" content=\"https:\/\/ilovevirton.be\/nl\/le-pressoir-de-munaut\/\" \/>\n<meta property=\"og:site_name\" content=\"Syndicat d&#039;initiative de Virton\" \/>\n<meta property=\"article:publisher\" content=\"https:\/\/www.facebook.com\/sivirton\" \/>\n<meta name=\"twitter:card\" content=\"summary_large_image\" \/>\n<meta name=\"twitter:label1\" content=\"Geschatte leestijd\" \/>\n\t<meta name=\"twitter:data1\" content=\"4 minuten\" \/>\n<script type=\"application\/ld+json\" class=\"yoast-schema-graph\">{\"@context\":\"https:\/\/schema.org\",\"@graph\":[{\"@type\":\"WebPage\",\"@id\":\"https:\/\/ilovevirton.be\/le-pressoir-de-munaut\/\",\"url\":\"https:\/\/ilovevirton.be\/le-pressoir-de-munaut\/\",\"name\":\"Le pressoir de Munaut - Syndicat d&#039;initiative de Virton\",\"isPartOf\":{\"@id\":\"https:\/\/ilovevirton.be\/#website\"},\"datePublished\":\"2021-10-15T15:21:05+00:00\",\"dateModified\":\"2021-10-15T15:21:05+00:00\",\"breadcrumb\":{\"@id\":\"https:\/\/ilovevirton.be\/le-pressoir-de-munaut\/#breadcrumb\"},\"inLanguage\":\"nl-NL\",\"potentialAction\":[{\"@type\":\"ReadAction\",\"target\":[\"https:\/\/ilovevirton.be\/le-pressoir-de-munaut\/\"]}]},{\"@type\":\"BreadcrumbList\",\"@id\":\"https:\/\/ilovevirton.be\/le-pressoir-de-munaut\/#breadcrumb\",\"itemListElement\":[{\"@type\":\"ListItem\",\"position\":1,\"name\":\"Accueil\",\"item\":\"https:\/\/ilovevirton.be\/\"},{\"@type\":\"ListItem\",\"position\":2,\"name\":\"Le pressoir de Munaut\"}]},{\"@type\":\"WebSite\",\"@id\":\"https:\/\/ilovevirton.be\/#website\",\"url\":\"https:\/\/ilovevirton.be\/\",\"name\":\"ilovevirton\",\"description\":\"I Love Virton\",\"publisher\":{\"@id\":\"https:\/\/ilovevirton.be\/#organization\"},\"potentialAction\":[{\"@type\":\"SearchAction\",\"target\":{\"@type\":\"EntryPoint\",\"urlTemplate\":\"https:\/\/ilovevirton.be\/?s={search_term_string}\"},\"query-input\":\"required name=search_term_string\"}],\"inLanguage\":\"nl-NL\"},{\"@type\":\"Organization\",\"@id\":\"https:\/\/ilovevirton.be\/#organization\",\"name\":\"Syndicat d'initiative de Virton\",\"url\":\"https:\/\/ilovevirton.be\/\",\"logo\":{\"@type\":\"ImageObject\",\"inLanguage\":\"nl-NL\",\"@id\":\"https:\/\/ilovevirton.be\/#\/schema\/logo\/image\/\",\"url\":\"https:\/\/ilovevirton.be\/wp-content\/uploads\/2025\/02\/SI-vecto-seul-transparent.png\",\"contentUrl\":\"https:\/\/ilovevirton.be\/wp-content\/uploads\/2025\/02\/SI-vecto-seul-transparent.png\",\"width\":2481,\"height\":3508,\"caption\":\"Syndicat d'initiative de Virton\"},\"image\":{\"@id\":\"https:\/\/ilovevirton.be\/#\/schema\/logo\/image\/\"},\"sameAs\":[\"https:\/\/www.facebook.com\/sivirton\"]}]}<\/script>\n<!-- \/ Yoast SEO plugin. -->","yoast_head_json":{"title":"Le pressoir de Munaut - Syndicat d&#039;initiative de Virton","robots":{"index":"index","follow":"follow","max-snippet":"max-snippet:-1","max-image-preview":"max-image-preview:large","max-video-preview":"max-video-preview:-1"},"canonical":"https:\/\/ilovevirton.be\/nl\/le-pressoir-de-munaut\/","og_locale":"nl_NL","og_type":"article","og_title":"Le pressoir de Munaut - Syndicat d&#039;initiative de Virton","og_url":"https:\/\/ilovevirton.be\/nl\/le-pressoir-de-munaut\/","og_site_name":"Syndicat d&#039;initiative de Virton","article_publisher":"https:\/\/www.facebook.com\/sivirton","twitter_card":"summary_large_image","twitter_misc":{"Geschatte leestijd":"4 minuten"},"schema":{"@context":"https:\/\/schema.org","@graph":[{"@type":"WebPage","@id":"https:\/\/ilovevirton.be\/le-pressoir-de-munaut\/","url":"https:\/\/ilovevirton.be\/le-pressoir-de-munaut\/","name":"Le pressoir de Munaut - Syndicat d&#039;initiative de Virton","isPartOf":{"@id":"https:\/\/ilovevirton.be\/#website"},"datePublished":"2021-10-15T15:21:05+00:00","dateModified":"2021-10-15T15:21:05+00:00","breadcrumb":{"@id":"https:\/\/ilovevirton.be\/le-pressoir-de-munaut\/#breadcrumb"},"inLanguage":"nl-NL","potentialAction":[{"@type":"ReadAction","target":["https:\/\/ilovevirton.be\/le-pressoir-de-munaut\/"]}]},{"@type":"BreadcrumbList","@id":"https:\/\/ilovevirton.be\/le-pressoir-de-munaut\/#breadcrumb","itemListElement":[{"@type":"ListItem","position":1,"name":"Accueil","item":"https:\/\/ilovevirton.be\/"},{"@type":"ListItem","position":2,"name":"Le pressoir de Munaut"}]},{"@type":"WebSite","@id":"https:\/\/ilovevirton.be\/#website","url":"https:\/\/ilovevirton.be\/","name":"ilovevirton","description":"I Love Virton","publisher":{"@id":"https:\/\/ilovevirton.be\/#organization"},"potentialAction":[{"@type":"SearchAction","target":{"@type":"EntryPoint","urlTemplate":"https:\/\/ilovevirton.be\/?s={search_term_string}"},"query-input":"required name=search_term_string"}],"inLanguage":"nl-NL"},{"@type":"Organization","@id":"https:\/\/ilovevirton.be\/#organization","name":"Syndicat d'initiative de Virton","url":"https:\/\/ilovevirton.be\/","logo":{"@type":"ImageObject","inLanguage":"nl-NL","@id":"https:\/\/ilovevirton.be\/#\/schema\/logo\/image\/","url":"https:\/\/ilovevirton.be\/wp-content\/uploads\/2025\/02\/SI-vecto-seul-transparent.png","contentUrl":"https:\/\/ilovevirton.be\/wp-content\/uploads\/2025\/02\/SI-vecto-seul-transparent.png","width":2481,"height":3508,"caption":"Syndicat d'initiative de Virton"},"image":{"@id":"https:\/\/ilovevirton.be\/#\/schema\/logo\/image\/"},"sameAs":["https:\/\/www.facebook.com\/sivirton"]}]}},"_links":{"self":[{"href":"https:\/\/ilovevirton.be\/nl\/wp-json\/wp\/v2\/pages\/871","targetHints":{"allow":["GET"]}}],"collection":[{"href":"https:\/\/ilovevirton.be\/nl\/wp-json\/wp\/v2\/pages"}],"about":[{"href":"https:\/\/ilovevirton.be\/nl\/wp-json\/wp\/v2\/types\/page"}],"author":[{"embeddable":true,"href":"https:\/\/ilovevirton.be\/nl\/wp-json\/wp\/v2\/users\/1"}],"replies":[{"embeddable":true,"href":"https:\/\/ilovevirton.be\/nl\/wp-json\/wp\/v2\/comments?post=871"}],"version-history":[{"count":1,"href":"https:\/\/ilovevirton.be\/nl\/wp-json\/wp\/v2\/pages\/871\/revisions"}],"predecessor-version":[{"id":872,"href":"https:\/\/ilovevirton.be\/nl\/wp-json\/wp\/v2\/pages\/871\/revisions\/872"}],"wp:attachment":[{"href":"https:\/\/ilovevirton.be\/nl\/wp-json\/wp\/v2\/media?parent=871"}],"curies":[{"name":"wp","href":"https:\/\/api.w.org\/{rel}","templated":true}]}}